{"id":24,"date":"2014-10-11T15:37:13","date_gmt":"2014-10-11T14:37:13","guid":{"rendered":"https:\/\/promenadedesartistes.be\/?page_id=24"},"modified":"2026-02-15T18:44:11","modified_gmt":"2026-02-15T17:44:11","slug":"contactez-nous","status":"publish","type":"page","link":"https:\/\/promenadedesartistes.be\/?page_id=24","title":{"rendered":"Contactez-nous"},"content":{"rendered":"<p style=\"text-align: center;\">Pour plus d\u2019info,<br \/>\ncontactez-nous par mail \u00e0 <a href=\"mailto:promenadedesartistes@gmail.com\">promenadedesartistes@gmail.com<\/a><\/p>\n<p>ou par t\u00e9l\u00e9phone :<\/p>\n<ul>\n<li style=\"list-style-type: none;\">\n<ul>\n<li style=\"list-style-type: none;\">\n<ul>\n<li>DE ZUTTER Sophie, pr\u00e9sidente | 0475 65 19 03 |<\/li>\n<li>LEPOMME Monique, vice-pr\u00e9sidente | 0497.28.25.34 |<\/li>\n<li>VANSTEELANDT Bernard, secr\u00e9taire | 0476 59 48 90 |<\/li>\n<li>STOLLE Dieter, tr\u00e9sorier | 0478.50.97.68 |<\/li>\n<\/ul>\n<\/li>\n<\/ul>\n<\/li>\n<\/ul>\n<p style=\"text-align: center;\">Si\u00e8ge social de l\u2019ASBL : avenue Minerve 19 &#8211; 1450 Chastre<\/p>\n<h3 class=\"title\" style=\"text-align: center;\">Qui sommes-nous?<\/h3>\n<p class=\"title\" style=\"text-align: center;\"><!-- #page-top -->La Promenade des Artistes de Chastre est organis\u00e9e par l\u2019ASBL \u00abMusique et Culture en Roman Pa\u00efs \u00bb, compos\u00e9e de b\u00e9n\u00e9voles.<\/p>\n<p style=\"text-align: center;\"><img loading=\"lazy\" decoding=\"async\" class=\"size-medium wp-image-3464 aligncenter\" src=\"https:\/\/promenadedesartistes.be\/wp-content\/uploads\/2024\/05\/IMG_6681-scaled-e1716324526705-620x420.jpg\" alt=\"\" width=\"620\" height=\"420\" srcset=\"https:\/\/promenadedesartistes.be\/wp-content\/uploads\/2024\/05\/IMG_6681-scaled-e1716324526705-620x420.jpg 620w, https:\/\/promenadedesartistes.be\/wp-content\/uploads\/2024\/05\/IMG_6681-scaled-e1716324526705-940x637.jpg 940w, https:\/\/promenadedesartistes.be\/wp-content\/uploads\/2024\/05\/IMG_6681-scaled-e1716324526705-768x520.jpg 768w, https:\/\/promenadedesartistes.be\/wp-content\/uploads\/2024\/05\/IMG_6681-scaled-e1716324526705-1536x1041.jpg 1536w, https:\/\/promenadedesartistes.be\/wp-content\/uploads\/2024\/05\/IMG_6681-scaled-e1716324526705.jpg 1851w\" sizes=\"auto, (max-width: 620px) 100vw, 620px\" \/><\/p>\n<p>L\u2019\u00e9quipe en charge de la Promenade 2024 est constitu\u00e9e de :<\/p>\n<ul>\n<li style=\"list-style-type: none;\">\n<ul>\n<li>Binst V\u00e9ronique<\/li>\n<li>Blondel Maud<\/li>\n<li>Brousmiche Henry<\/li>\n<li>Dauby Anne-Marie<\/li>\n<li>De Coninck Mich\u00e8le<\/li>\n<li>De Roeck Dany<\/li>\n<li>De Vriese Daniel<\/li>\n<li>Debois Maryvonne<\/li>\n<li>De Zutter Sophie<\/li>\n<li>Draize Marcel<\/li>\n<li>Dubois Emilie<\/li>\n<li>Flahaut Michel<\/li>\n<li>Fonsny Laurence<\/li>\n<li>Lepomme Monique<\/li>\n<li>Stolle Dieter<\/li>\n<li>Van Noppen Emmanuelle<\/li>\n<li>Vancappellen Josiane<\/li>\n<li>Vansteelandt Bernard<\/li>\n<li>Verbeke Kim<\/li>\n<\/ul>\n<\/li>\n<\/ul>\n<div id=\"left\">\n<div class=\"post-full single\" style=\"text-align: left;\">\n<h3 class=\"post-22 page type-page status-publish hentry\"><strong>Partenaires<\/strong><\/h3>\n<p class=\"post-22 page type-page status-publish hentry\">La 1<sup>9e<\/sup> Promenade a \u00e9t\u00e9 r\u00e9alis\u00e9e avec l\u2019aide de la Commune de Chastre, avec le soutien de la Province du Brabant Wallon, avec le concours du Syndicat d&#8217;Initiative de Chastre, du Domaine des Possibles et du GRACQ .<\/p>\n<article class=\"post-22 page type-page status-publish hentry\"><a href=\"http:\/\/www.chastre.be\/\" target=\"_blank\" rel=\"noopener\"><img loading=\"lazy\" decoding=\"async\" class=\"wp-image-126 alignleft\" src=\"https:\/\/promenadedesartistes.be\/wp-content\/uploads\/2014\/10\/logo-commune-chastre.jpg\" alt=\"logo commune chastre\" width=\"82\" height=\"63\" \/> <\/a><a href=\"http:\/\/www.brabantwallon.be\/\"><img loading=\"lazy\" decoding=\"async\" class=\"wp-image-327 alignleft\" src=\"https:\/\/promenadedesartistes.be\/wp-content\/uploads\/2015\/02\/logo-bw.jpg\" alt=\"logo bw\" width=\"123\" height=\"69\" srcset=\"https:\/\/promenadedesartistes.be\/wp-content\/uploads\/2015\/02\/logo-bw.jpg 624w, https:\/\/promenadedesartistes.be\/wp-content\/uploads\/2015\/02\/logo-bw-620x349.jpg 620w\" sizes=\"auto, (max-width: 123px) 100vw, 123px\" \/><\/a><img loading=\"lazy\" decoding=\"async\" class=\"wp-image-3329 alignleft\" src=\"https:\/\/promenadedesartistes.be\/wp-content\/uploads\/2022\/08\/Logo-SI.jpg\" alt=\"\" width=\"70\" height=\"54\" \/> \u00a0 \u00a0 <a href=\"https:\/\/www.ccbw.be\/\"><img loading=\"lazy\" decoding=\"async\" class=\"wp-image-2495 alignleft\" src=\"https:\/\/promenadedesartistes.be\/wp-content\/uploads\/2022\/01\/Logo_CCBW_small.jpg\" alt=\"\" width=\"186\" height=\"55\" \/><img loading=\"lazy\" decoding=\"async\" class=\"wp-image-3466 alignleft\" src=\"https:\/\/promenadedesartistes.be\/wp-content\/uploads\/2024\/05\/Logo-Domainedespossibles-620x528.png\" alt=\"\" width=\"90\" height=\"77\" srcset=\"https:\/\/promenadedesartistes.be\/wp-content\/uploads\/2024\/05\/Logo-Domainedespossibles-620x528.png 620w, https:\/\/promenadedesartistes.be\/wp-content\/uploads\/2024\/05\/Logo-Domainedespossibles-940x800.png 940w, https:\/\/promenadedesartistes.be\/wp-content\/uploads\/2024\/05\/Logo-Domainedespossibles-768x654.png 768w, https:\/\/promenadedesartistes.be\/wp-content\/uploads\/2024\/05\/Logo-Domainedespossibles.png 1110w\" sizes=\"auto, (max-width: 90px) 100vw, 90px\" \/><\/a><\/article>\n<\/div>\n<\/div>\n<div id=\"left\">\n<div class=\"post-full single\" style=\"text-align: left;\"><img loading=\"lazy\" decoding=\"async\" class=\"wp-image-4311 alignnone\" src=\"https:\/\/promenadedesartistes.be\/wp-content\/uploads\/2026\/02\/Logo-Avello.png\" alt=\"\" width=\"59\" height=\"56\" \/><\/div>\n<\/div>\n","protected":false},"excerpt":{"rendered":"<p>Pour plus d\u2019info, contactez-nous par mail \u00e0 promenadedesartistes@gmail.com ou par t\u00e9l\u00e9phone : DE ZUTTER Sophie,&#8230;<\/p>\n","protected":false},"author":1,"featured_media":0,"parent":0,"menu_order":0,"comment_status":"closed","ping_status":"closed","template":"","meta":{"footnotes":""},"class_list":["post-24","page","type-page","status-publish","hentry"],"_links":{"self":[{"href":"https:\/\/promenadedesartistes.be\/index.php?rest_route=\/wp\/v2\/pages\/24","targetHints":{"allow":["GET"]}}],"collection":[{"href":"https:\/\/promenadedesartistes.be\/index.php?rest_route=\/wp\/v2\/pages"}],"about":[{"href":"https:\/\/promenadedesartistes.be\/index.php?rest_route=\/wp\/v2\/types\/page"}],"author":[{"embeddable":true,"href":"https:\/\/promenadedesartistes.be\/index.php?rest_route=\/wp\/v2\/users\/1"}],"replies":[{"embeddable":true,"href":"https:\/\/promenadedesartistes.be\/index.php?rest_route=%2Fwp%2Fv2%2Fcomments&post=24"}],"version-history":[{"count":98,"href":"https:\/\/promenadedesartistes.be\/index.php?rest_route=\/wp\/v2\/pages\/24\/revisions"}],"predecessor-version":[{"id":4312,"href":"https:\/\/promenadedesartistes.be\/index.php?rest_route=\/wp\/v2\/pages\/24\/revisions\/4312"}],"wp:attachment":[{"href":"https:\/\/promenadedesartistes.be\/index.php?rest_route=%2Fwp%2Fv2%2Fmedia&parent=24"}],"curies":[{"name":"wp","href":"https:\/\/api.w.org\/{rel}","templated":true}]}}